{"id":902,"date":"2017-06-23T07:58:28","date_gmt":"2017-06-23T07:58:28","guid":{"rendered":"http:\/\/localhost\/construct\/?page_id=902"},"modified":"2026-01-06T12:09:27","modified_gmt":"2026-01-06T09:09:27","slug":"anasayfa","status":"publish","type":"page","link":"https:\/\/www.idealmalimusavirlik.com\/","title":{"rendered":"Anasayfa"},"content":{"rendered":"<div class=\"wpb-content-wrapper\"><p>[vc_row fullwidth=\u201dyes\u201d][vc_column][rev_slider_vc alias=\u201dhome-simple\u201d][\/vc_column][\/vc_row][vc_row css=\u201d.vc_custom_1497500715270{padding-top: 80px !important;padding-bottom: 80px !important;}\u201d][vc_column]\n    <h2 class=\"text-center\" >H\u0130ZMETLER\u0130M\u0130Z<\/h2>\n    \t    <div class=\"wprt-lines style-2 custom-1\">\n\t        <div class=\"line-1\"><\/div>\n\t    <\/div>\n    \n        \t\n[vc_empty_space height=\u201d50px\u201d][\/vc_column][vc_column offset=\u201dvc_col-md-4\u2033]\n\t<div class=\"wprt-icon-box accent-background icon-left rounded icon-effect-2 width-70\">\n        <div class=\"icon-wrap font-size-40\">\n            <span class=\"dd-icon fa fa-compass \"><\/span>\n        <\/div>\n        <div class=\"content-wrap\">\n            <h3 class=\"dd-title font-size-18\">Denetim ve G\u00fcvence Hizmeti<\/h3>\n            <p>Ba\u011f\u0131ms\u0131z denetim faaliyeti a\u00e7\u0131s\u0131ndan \u00f6nem ta\u015f\u0131yan denetim \u00e7e\u015fidi,muhasebe denetimidir.Ba\u011f\u0131ms\u0131z denetim,muhasebe denetiminin bir alt dal\u0131d\u0131r.Ba\u011f\u0131ms\u0131z denetim ile i\u015fletmelere ait muhasebe bilgilerinin ,\u00f6nceden tespit edilmi\u015f belirli ilke ve kurallara uygunlu\u011fu ve ger\u00e7e\u011fi yans\u0131t\u0131p yans\u0131tmad\u0131\u011f\u0131 denetlenmektedir.<\/p>\n        <\/div>\n    <\/div>\n\n[vc_empty_space height=\u201d50px\u201d]\n\t<div class=\"wprt-icon-box accent-background icon-left rounded icon-effect-2 width-70\">\n        <div class=\"icon-wrap font-size-40\">\n            <span class=\"dd-icon fa fa-check-square-o \"><\/span>\n        <\/div>\n        <div class=\"content-wrap\">\n            <h3 class=\"dd-title font-size-18\">Muhasebe Sistemleri Dan\u0131\u015fmanl\u0131\u011f\u0131<\/h3>\n            <p>Etkin bir muhasebe sistemi; muhasebe ile etkile\u015fim i\u00e7inde bulunan departmanlardan gelen verilerin, zaman\u0131nda ve do\u011fru olarak iletilmesini sa\u011flayacakt\u0131r. Bunun yan\u0131 s\u0131ra i\u015fletme sahipleri ve y\u00f6neticilerinin g\u00fcncel ve sa\u011fl\u0131kl\u0131 bilgiye ula\u015fmas\u0131 da do\u011fru kurgulanm\u0131\u015f bir muhasebe sistemi ile m\u00fcmk\u00fcn olacakt\u0131r.<\/p>\n        <\/div>\n    <\/div>\n\n[vc_column_text]<\/p>\n<div class=\"wprt-spacer\" data-desktop=\"0\" data-mobi=\"40\" data-smobi=\"40\"><\/div>\n<p>[\/vc_column_text][\/vc_column][vc_column offset=\u201dvc_col-md-4\u2033]\n\t<div class=\"wprt-icon-box accent-background icon-left rounded icon-effect-2 width-70\">\n        <div class=\"icon-wrap font-size-40\">\n            <span class=\"dd-icon fa fa-money \"><\/span>\n        <\/div>\n        <div class=\"content-wrap\">\n            <h3 class=\"dd-title font-size-18\">Muhasebe ve Mali M\u00fc\u015favirlik ( SMMM ) Hizmetleri<\/h3>\n            <p>Uzman kadromuz taraf\u0131ndan, m\u00fc\u015fterilerimizin yasalar \u00e7er\u00e7evesinde finansal ve y\u00f6netsel hedeflerine en k\u0131sa s\u00fcrede ula\u015fmalar\u0131n\u0131 sa\u011flamak ad\u0131na, muhasebe ve mali m\u00fc\u015favirlik hizmetleri kapsam\u0131nda a\u015fa\u011f\u0131daki konularda eksiksiz ve s\u00fcrekli destek verilmektedir.<\/p>\n        <\/div>\n    <\/div>\n\n[vc_empty_space height=\u201d50px\u201d]\n\t<div class=\"wprt-icon-box accent-background icon-left rounded icon-effect-2 width-70\">\n        <div class=\"icon-wrap font-size-40\">\n            <span class=\"dd-icon fa fa-handshake-o \"><\/span>\n        <\/div>\n        <div class=\"content-wrap\">\n            <h3 class=\"dd-title font-size-18\">Vergi \u0130ncelemleri ve Uyu\u015fmazl\u0131klar\u0131<\/h3>\n            <p>Teknoloji ve e- uygulamalar her ge\u00e7en g\u00fcn vergi inceleme tekniklerini geli\u015ftirmektedir. Vergi mevzuat\u0131n\u0131n karma\u015f\u0131k, yoruma a\u00e7\u0131k bir\u00e7ok konuyu da b\u00fcnyesinde bar\u0131nd\u0131rmas\u0131 vergi incelemesine al\u0131nm\u0131\u015f m\u00fckellefin, vergi incelemesi s\u00fcre\u00e7lerinin do\u011fru y\u00f6netilmesini zaruri k\u0131lar.<\/p>\n        <\/div>\n    <\/div>\n\n[vc_column_text]<\/p>\n<div class=\"wprt-spacer\" data-desktop=\"0\" data-mobi=\"40\" data-smobi=\"40\"><\/div>\n<p>[\/vc_column_text][\/vc_column][vc_column offset=\u201dvc_col-md-4\u2033]\n\t<div class=\"wprt-icon-box accent-background icon-left rounded icon-effect-2 width-70\">\n        <div class=\"icon-wrap font-size-40\">\n            <span class=\"dd-icon fa fa-user-o \"><\/span>\n        <\/div>\n        <div class=\"content-wrap\">\n            <h3 class=\"dd-title font-size-18\">Bordro Hizmetleri ve SGK Bildirimleri<\/h3>\n            <p>\u00c7al\u0131\u015fan say\u0131s\u0131n\u0131n ve personel devir h\u0131z\u0131n\u0131n \u00e7ok oldu\u011fu i\u015fletmelerde bordrolama ve SGK hizmetlerinin d\u0131\u015far\u0131dan al\u0131nmas\u0131 ciddi maliyet avantaj\u0131 da yaratmaktad\u0131r. \u0130deal Mali M\u00fc\u015favirlik\u00a0Bordro Hizmetleri ve SGK Bildirimlerinde uzman kadrosuyla etkin \u00e7\u00f6z\u00fcmler sunmaktad\u0131r.<\/p>\n        <\/div>\n    <\/div>\n\n[vc_empty_space height=\u201d50px\u201d]\n\t<div class=\"wprt-icon-box accent-background icon-left rounded icon-effect-2 width-70\">\n        <div class=\"icon-wrap font-size-40\">\n            <span class=\"dd-icon fa fa-book \"><\/span>\n        <\/div>\n        <div class=\"content-wrap\">\n            <h3 class=\"dd-title font-size-18\">Vergi Dan\u0131\u015fmanl\u0131\u011f\u0131<\/h3>\n            <p>Vergi mevzuat\u0131n\u0131n da\u011f\u0131n\u0131k ve \u00e7ok say\u0131da d\u00fczenlemeyi b\u00fcnyesinde bar\u0131nd\u0131rmas\u0131, yoruma a\u00e7\u0131k pek \u00e7ok konunun bulunmas\u0131, yoruma a\u00e7\u0131k konular\u0131n pek \u00e7o\u011funda birbirinden farkl\u0131 yarg\u0131 karar\u0131 ve bakanl\u0131k g\u00f6r\u00fc\u015f\u00fc bulunmas\u0131 ve mevzuat\u0131n s\u00fcrekli de\u011fi\u015fkenlik arz etmesi, her co\u011frafyada oldu\u011fu gibi \u00fclkemizde de m\u00fckelleflerin vergi dan\u0131\u015fmanl\u0131\u011f\u0131 hizmetleri almas\u0131n\u0131 \u00e7o\u011fu zaman zaruri k\u0131lmaktad\u0131r.<\/p>\n        <\/div>\n    <\/div>\n\n[\/vc_column][\/vc_row]<\/p>\n<\/div>","protected":false},"excerpt":{"rendered":"<p>[vc_row fullwidth=\u201dyes\u201d][vc_column][rev_slider_vc alias=\u201dhome-simple\u201d][\/vc_column][\/vc_row][vc_row css=\u201d.vc_custom_1497500715270{padding-top: 80px !important;padding-bottom: 80px !important;}\u201d][vc_column][vc_empty_space height=\u201d50px\u201d][\/vc_column][vc_column offset=\u201dvc_col-md-4\u2033][vc_empty_space height=\u201d50px\u201d][vc_column_text] [\/vc_column_text][\/vc_column][vc_column offset=\u201dvc_col-md-4\u2033][vc_empty_space height=\u201d50px\u201d][vc_column_text] [\/vc_column_text][\/vc_column][vc_column offset=\u201dvc_col-md-4\u2033][vc_empty_space height=\u201d50px\u201d][\/vc_column][\/vc_row]<\/p>\n","protected":false},"author":1,"featured_media":0,"parent":0,"menu_order":0,"comment_status":"closed","ping_status":"closed","template":"page-templates\/template-fullwidth.php","meta":{"footnotes":""},"class_list":["post-902","page","type-page","status-publish","hentry"],"_links":{"self":[{"href":"https:\/\/www.idealmalimusavirlik.com\/index.php?rest_route=\/wp\/v2\/pages\/902","targetHints":{"allow":["GET"]}}],"collection":[{"href":"https:\/\/www.idealmalimusavirlik.com\/index.php?rest_route=\/wp\/v2\/pages"}],"about":[{"href":"https:\/\/www.idealmalimusavirlik.com\/index.php?rest_route=\/wp\/v2\/types\/page"}],"author":[{"embeddable":true,"href":"https:\/\/www.idealmalimusavirlik.com\/index.php?rest_route=\/wp\/v2\/users\/1"}],"replies":[{"embeddable":true,"href":"https:\/\/www.idealmalimusavirlik.com\/index.php?rest_route=%2Fwp%2Fv2%2Fcomments&post=902"}],"version-history":[{"count":4,"href":"https:\/\/www.idealmalimusavirlik.com\/index.php?rest_route=\/wp\/v2\/pages\/902\/revisions"}],"predecessor-version":[{"id":1143,"href":"https:\/\/www.idealmalimusavirlik.com\/index.php?rest_route=\/wp\/v2\/pages\/902\/revisions\/1143"}],"wp:attachment":[{"href":"https:\/\/www.idealmalimusavirlik.com\/index.php?rest_route=%2Fwp%2Fv2%2Fmedia&parent=902"}],"curies":[{"name":"wp","href":"https:\/\/api.w.org\/{rel}","templated":true}]}}